
{"id":730,"date":"2013-01-25T16:29:00","date_gmt":"2013-01-25T16:29:00","guid":{"rendered":"http:\/\/guitarexperience.com.br\/wp\/?page_id=730"},"modified":"2015-09-15T16:32:32","modified_gmt":"2015-09-15T16:32:32","slug":"ricardo-xavier","status":"publish","type":"page","link":"http:\/\/guitarexperience.com.br\/wp\/?page_id=730","title":{"rendered":"Ricardo Xavier"},"content":{"rendered":"<div style=\"text-align: justify;\"><a href=\"http:\/\/guitarexperience.com.br\/wp\/wp-content\/uploads\/2015\/09\/56211_514861268525672_535061022_o-460x2611.jpg\"><img loading=\"lazy\" class=\"alignleft size-medium wp-image-731\" src=\"http:\/\/guitarexperience.com.br\/wp\/wp-content\/uploads\/2015\/09\/56211_514861268525672_535061022_o-460x2611-300x170.jpg\" alt=\"56211_514861268525672_535061022_o-460x261\" width=\"300\" height=\"170\" srcset=\"http:\/\/guitarexperience.com.br\/wp\/wp-content\/uploads\/2015\/09\/56211_514861268525672_535061022_o-460x2611-300x170.jpg 300w, http:\/\/guitarexperience.com.br\/wp\/wp-content\/uploads\/2015\/09\/56211_514861268525672_535061022_o-460x2611.jpg 460w\" sizes=\"(max-width: 300px) 100vw, 300px\" \/><\/a>Aos meus 11 anos come\u00e7ei a estudar m\u00fasica, um pouco tarde para muitos, mas \ufb01quei\u00a0apaixonado \u00a0no \u00a0momento \u00a0em \u00a0que \u00a0ouvi \u00a0meus \u00a0primeiros \u00a0discos (antigos \u00a0Lps) \u00a0dos \u00a0artistas \u00a0e\u00a0bandas \u00a0que \ufb01cavam na \u00a0prateleira \u00a0em \u00a0cima da minha \u00a0cama. Boa \u00a0parte desses \u00a0discos \u00a0eram de\u00a0m\u00fasica erudita e jazz (do meu pai), mas alguns outros eram de mpb, dos Beatles e at\u00e9 uns muito\u00a0antigos de m\u00fasica brasileira ainda dos anos 50\u2026eram da minha v\u00f3. Bom, eu escutava de tudo na\u00a0\u00e9poca, at\u00e9 as horr\u00edveis colet\u00e2neas de m\u00fasicas rom\u00e2nticas que as gravadoras lan\u00e7avam.<\/div>\n<\/p>\n<div style=\"text-align: justify;\">Comecei \u00a0a \u00a0estudar \u00a0o \u00a0viol\u00e3o \u00a0popular, mas \u00a0depois \u00a0de \u00a0um tempo \u00a0percebi \u00a0que \u00a0o \u00a0que \u00a0eu\u00a0desejava mesmo era soar como os caras do ACDC, ent\u00e3o \ufb01quei um tempo tentando imitar os\u00a0caras por mim mesmo. Ganhei minha primeira guitarra aos 12, uma guitarra Jennifer..rs, credo,\u00a0mas era o que eu tinha pra tirar os sons do Metallica. Nessa \u00e9poca eu descobri muitas coisas por\u00a0mim \u00a0mesmo, \u00a0n\u00e3o \u00a0havia \u00a0um \u00a0guitarrista \u00a0que \u00a0desse \u00a0aulas \u00a0de \u00a0rock ou \u00a0como \u00a0tirar \u00a0os solos \u00a0do\u00a0Hendrix em Taubat\u00e9. Tive que con\ufb01ar na minha audi\u00e7\u00e3o e intui\u00e7\u00e3o pra imitar os sons que ouvia.<\/div>\n<\/p>\n<div style=\"text-align: justify;\">Meu \u00a0primeiro \u00a0pedal \u00a0de \u00a0distor\u00e7\u00e3o foi \u00a0o \u00a0ampli\ufb01cador \u00a0Gradiente \u00a0do \u00a0antigo \u00a0aparelho \u00a0de\u00a0som que ao colocar o volume no m\u00e1ximo (imagine?) saturava o falante das caixas e me dava\u00a0aquele som que, na \u00e9poca, eu achava o m\u00e1ximo e parecido com o do Hendrix. Quando \ufb01z 18\u00a0anos \u00a0j\u00e1 \u00a0integrava \u00a0uma \u00a0banda \u00a0que \u00a0\ufb01cou \u00a0conhecida \u00a0aqui \u00a0na \u00a0regi\u00e3o \u00a0chamada \u00a0Cruciform.\u00a0Integramos uma colet\u00e2nea da ent\u00e3o Revista Rock Brigade, mas acabamos nos separando. Nesse\u00a0tempo eu j\u00e1 \ufb02ertava havia uns dois anos com a m\u00fasica cl\u00e1ssica e a composi\u00e7\u00e3o musical em geral,\u00a0principalmente para orquestra, o que eu sempre adorei.<\/div>\n<\/p>\n<div style=\"text-align: justify;\">Comecei a escrever para orquestra como louco pra tentar entender o processo e tudo que\u00a0envolvia a composi\u00e7\u00e3o para um grupo t\u00e3o grande de instrumentos. Estudava Stravinsky e Bach\u00a0como um louco, horas e horas procurando a\ufb01nidades e rela\u00e7\u00f5es, ent\u00e3o mergulhei no estudo de\u00a0harmonia e contraponto. Nessa \u00e9poca comecei a estudar viol\u00e3o cl\u00e1ssico no conservat\u00f3rio local e\u00a0foi muito importante porque ent\u00e3o sedimentei minha t\u00e9cnica instrumental e pude ter contato com\u00a0a \u00a0composi\u00e7\u00e3o musical. Lia muito, questionava muito os \u00a0professores. Meu \u00a0querido \u00a0professor\u00a0Jimmi Ferreira me iniciou nos estudos do viol\u00e3o erudito.\u00a0Meu amigo e professor M\u00e1rio C. Dias tamb\u00e9m. Gra\u00e7as \u00e0 facilidade t\u00e9cnica que desde o\u00a0principio \u00a0pude fazer \u00a0uso, \u00a0no \u00a0prazo \u00a0de \u00a0um \u00a0ano \u00a0estava \u00a0tocando \u00a0Villa Lobos, Barrios, Bach \u00a0e\u00a0muita m\u00fasica \u00a0contempor\u00e2nea \u00a0pra \u00a0viol\u00e3o. \u00a0Fazia \u00a0isso \u00a0at\u00e9 \u00a0de \u00a0ouvido, \u00a0por \u00a0que \u00a0naquela \u00a0\u00e9poca \u00a0a\u00a0minha leitura era ruim, hoje \u00e9 regular. Participei de cursos e workshops, v\u00e1rios com o apoio de\u00a0professores \u00a0de renome \u00a0como \u00a0o saudoso Henrique Pinto. Depois \u00a0parei \u00a0de tocar \u00a0viol\u00e3o \u00a0como\u00a0concertista, quero dizer, nunca fui o concertista, mas estudava pra isso. Parei porque minha vida\u00a0sempre foi a composi\u00e7\u00e3o, principalmente para orquestra e isso exigiria de mim muito esfor\u00e7o e\u00a0tempo.<\/div>\n<\/p>\n<div style=\"text-align: justify;\">Em meados de 1994 no Festival de Inverno de Campos do Jord\u00e3o, como bolsista, travei\u00a0meu \u00a0primeiro \u00a0contato \u00a0com \u00a0a m\u00fasica moderna \u00a0de fato, \u00a0e \u00a0a m\u00fasica \u00a0eletroac\u00fastica. \u00a0Fui, \u00a0da\u00ed \u00a0em\u00a0diante, \u00a0orientado \u00a0por \u00a0grandes \u00a0nomes \u00a0talvez \u00a0desconhecidos \u00a0do \u00a0grande \u00a0p\u00fablico, \u00a0mas \u00a0essas\u00a0pessoas trouxeram-me a maturidade que buscava a anos. Livio Tragtenberg e posteriormente,\u00a0Flo Menezes, foram \u00a0as \u00a0\ufb01guras-chave \u00a0como \u00a0professores \u00a0e \u00a0compositores \u00a0que s\u00e3o. \u00a0Fui \u00a0aluno\u00a0special \u00a0na \u00a0Fasm \u00a0a \u00a0pedido \u00a0de \u00a0Flo \u00a0Menezes \u00a0para \u00a0compor \u00a0minha \u00a0primeira \u00a0composi\u00e7\u00e3o\u00a0electroac\u00fastica. Em 1998 fui \u00e0 Alemanha para participar do primeiro curso que o compositor\u00a0alem\u00e3o K. Stockhausen daria, de uma s\u00e9rie que se repetiu anualmente at\u00e9 sua morte em 2007.\u00a0Quando voltei da europa com a bagagem que tanto procurei durante anos, percebi que\u00a0aqui a coisa \u00e9 realmente esquisita, pra n\u00e3o dizer outra coisa. Acabei montando um est\u00fadio de\u00a0grava\u00e7\u00e3o no qual trabalhei por quase 10 anos. O est\u00fadio de m\u00fasica eletroac\u00fastica da Fasm de-ume \u00a0a seguran\u00e7a \u00a0e \u00a0conhecimento \u00a0que iria \u00a0utilizar \u00a0no meu \u00a0est\u00fadio, mas \u00a0nesse \u00a0caso \u00a0pra \u00a0gravar\u00a0m\u00fasica popular, sertanejo, samba, jazz, rock, etc\u2026bem longe dos meus sonhos, mas assim foi.<\/div>\n<\/p>\n<div style=\"text-align: justify;\">Acabei \ufb01cando nove anos sem tocar de verdade. Abandonei a execu\u00e7\u00e3o musical quase que por\u00a0inteiro e a composi\u00e7\u00e3o tornou-se um hobby. Ainda com o est\u00fadio eu voltei a tocar guitarra e\u00a0comecei a compor para o instrumento. Desde \u00a0ent\u00e3o voltei \u00e0 ativa e tenho me empenhado em\u00a0diversos \u00a0projectos \u00a0e \u00a0produ\u00e7\u00f5es. \u00a0Atualmente \u00a0\ufb01nalizo \u00a0dois \u00a0\u00e1lbuns \u00a0de \u00a0m\u00fasica \u00a0instrumental \u00a0que\u00a0espero \u00a0lan\u00e7ar \u00a0em \u00a02012 e \u00a0trabalho \u00a0como \u00a0t\u00e9cnico \u00a0de \u00a0P.A. \u00a0da \u00a0banda \u00a0de \u00a0rock \u00a0crist\u00e3o\u00a0CEREMONYA.<\/div>\n<!-- AddThis Advanced Settings generic via filter on the_content --><!-- AddThis Share Buttons generic via filter on the_content -->","protected":false},"excerpt":{"rendered":"<p>Aos meus 11 anos come\u00e7ei a estudar m\u00fasica, um pouco tarde para muitos, mas \ufb01quei\u00a0apaixonado \u00a0no \u00a0momento \u00a0em \u00a0que \u00a0ouvi<!-- AddThis Advanced Settings generic via filter on get_the_excerpt --><!-- AddThis Share Buttons generic via filter on get_the_excerpt --><\/p>\n","protected":false},"author":1,"featured_media":0,"parent":0,"menu_order":0,"comment_status":"closed","ping_status":"closed","template":"","meta":[],"_links":{"self":[{"href":"http:\/\/guitarexperience.com.br\/wp\/index.php?rest_route=\/wp\/v2\/pages\/730"}],"collection":[{"href":"http:\/\/guitarexperience.com.br\/wp\/index.php?rest_route=\/wp\/v2\/pages"}],"about":[{"href":"http:\/\/guitarexperience.com.br\/wp\/index.php?rest_route=\/wp\/v2\/types\/page"}],"author":[{"embeddable":true,"href":"http:\/\/guitarexperience.com.br\/wp\/index.php?rest_route=\/wp\/v2\/users\/1"}],"replies":[{"embeddable":true,"href":"http:\/\/guitarexperience.com.br\/wp\/index.php?rest_route=%2Fwp%2Fv2%2Fcomments&post=730"}],"version-history":[{"count":2,"href":"http:\/\/guitarexperience.com.br\/wp\/index.php?rest_route=\/wp\/v2\/pages\/730\/revisions"}],"predecessor-version":[{"id":733,"href":"http:\/\/guitarexperience.com.br\/wp\/index.php?rest_route=\/wp\/v2\/pages\/730\/revisions\/733"}],"wp:attachment":[{"href":"http:\/\/guitarexperience.com.br\/wp\/index.php?rest_route=%2Fwp%2Fv2%2Fmedia&parent=730"}],"curies":[{"name":"wp","href":"https:\/\/api.w.org\/{rel}","templated":true}]}}